{"id":5610,"date":"2025-07-06T20:02:08","date_gmt":"2025-07-06T20:02:08","guid":{"rendered":"https:\/\/pablovester.com\/?page_id=5610"},"modified":"2025-08-04T12:45:09","modified_gmt":"2025-08-04T15:45:09","slug":"aguilas","status":"publish","type":"page","link":"https:\/\/pablovester.com\/en\/comics\/aguilas\/","title":{"rendered":"\u00c1guilas F\u00fatbol Club"},"content":{"rendered":"<div data-elementor-type=\"wp-page\" data-elementor-id=\"5610\" class=\"elementor elementor-5610\">\n\t\t\t\t<div class=\"elementor-element elementor-element-53ab93b e-flex e-con-boxed wpr-particle-no wpr-jarallax-no wpr-parallax-no wpr-sticky-section-no wpr-equal-height-no e-con e-parent\" data-id=\"53ab93b\" data-element_type=\"container\" data-e-type=\"container\">\n\t\t\t\t\t<div class=\"e-con-inner\">\n\t\t\t\t<div class=\"elementor-element elementor-element-0bf7a25 elementor-widget elementor-widget-shortcode\" data-id=\"0bf7a25\" data-element_type=\"widget\" data-e-type=\"widget\" data-widget_type=\"shortcode.default\">\n\t\t\t\t<div class=\"elementor-widget-container\">\n\t\t\t\t\t\t\t<div class=\"elementor-shortcode\"><nav aria-label=\"breadcrumbs\" class=\"rank-math-breadcrumb\"><p><span class=\"last\">Home<\/span><\/p><\/nav><\/div>\n\t\t\t\t\t\t<\/div>\n\t\t\t\t<\/div>\n\t\t\t\t<div class=\"elementor-element elementor-element-8e8f267 elementor-widget elementor-widget-heading\" data-id=\"8e8f267\" data-element_type=\"widget\" data-e-type=\"widget\" data-widget_type=\"heading.default\">\n\t\t\t\t<div class=\"elementor-widget-container\">\n\t\t\t\t\t<h1 class=\"elementor-heading-title elementor-size-default\">\u00c1guilas F\u00fatbol Club<\/h1>\t\t\t\t<\/div>\n\t\t\t\t<\/div>\n\t\t\t\t<div class=\"elementor-element elementor-element-062bebc elementor-widget elementor-widget-text-editor\" data-id=\"062bebc\" data-element_type=\"widget\" data-e-type=\"widget\" data-widget_type=\"text-editor.default\">\n\t\t\t\t<div class=\"elementor-widget-container\">\n\t\t\t\t\t\t\t\t\t<p>\u00c1guilas es un club fundado en 1930, del conurbano bonaerense, que historicamente se ha ubicado en la Primera B Metro (la tercera categor\u00eda) del f\u00fatbol argentino.<\/p><p>Con la llegada de un nuevo DT, el Profe Gutierrez, y la reorganizaci\u00f3n del plantel con j\u00f3venes promesas y caudillos del equipo, busca por primera vez en sus tantos a\u00f1os de historia, ascender de categor\u00eda.<\/p>\t\t\t\t\t\t\t\t<\/div>\n\t\t\t\t<\/div>\n\t\t\t\t\t<\/div>\n\t\t\t\t<\/div>\n\t\t<div class=\"elementor-element elementor-element-b2edbdf e-flex e-con-boxed wpr-particle-no wpr-jarallax-no wpr-parallax-no wpr-sticky-section-no wpr-equal-height-no e-con e-parent\" data-id=\"b2edbdf\" data-element_type=\"container\" data-e-type=\"container\">\n\t\t\t\t\t<div class=\"e-con-inner\">\n\t\t<div class=\"elementor-element elementor-element-ce29424 e-con-full e-flex wpr-particle-no wpr-jarallax-no wpr-parallax-no wpr-sticky-section-no wpr-equal-height-no e-con e-child\" data-id=\"ce29424\" data-element_type=\"container\" data-e-type=\"container\">\n\t\t\t\t<div class=\"elementor-element elementor-element-5a7f047 elementor-position-top elementor-widget elementor-widget-image-box\" data-id=\"5a7f047\" data-element_type=\"widget\" data-e-type=\"widget\" data-widget_type=\"image-box.default\">\n\t\t\t\t<div class=\"elementor-widget-container\">\n\t\t\t\t\t<div class=\"elementor-image-box-wrapper\"><figure class=\"elementor-image-box-img\"><a href=\"https:\/\/pablovester.com\/wp-content\/uploads\/2025\/07\/aguilas_futbol_pablovester_foto_historieta.jpg\" tabindex=\"-1\"><img fetchpriority=\"high\" decoding=\"async\" width=\"1200\" height=\"848\" src=\"https:\/\/pablovester.com\/wp-content\/uploads\/2025\/07\/aguilas_futbol_pablovester_foto_historieta.jpg\" class=\"attachment-full size-full wp-image-5616\" alt=\"Foto de Santi y Maxi, los jugadores de Aguilas F\u00fatbol Club, en el a\u00f1o 2003 en un colectivo\" \/><\/a><\/figure><div class=\"elementor-image-box-content\"><h2 class=\"elementor-image-box-title\"><a href=\"https:\/\/pablovester.com\/wp-content\/uploads\/2025\/07\/aguilas_futbol_pablovester_foto_historieta.jpg\">Santino y Maxi<\/a><\/h2><p class=\"elementor-image-box-description\">Una foto en viaje en el 526 hacia Monte Chingolo, un finde del 2003. Por lo que recuerdan, estaban yendo a boludear a una feria por  Camino Negro.<\/p><\/div><\/div>\t\t\t\t<\/div>\n\t\t\t\t<\/div>\n\t\t\t\t<\/div>\n\t\t<div class=\"elementor-element elementor-element-377da78 e-con-full e-flex wpr-particle-no wpr-jarallax-no wpr-parallax-no wpr-sticky-section-no wpr-equal-height-no e-con e-child\" data-id=\"377da78\" data-element_type=\"container\" data-e-type=\"container\">\n\t\t\t\t<div class=\"elementor-element elementor-element-561a516 elementor-position-top elementor-widget elementor-widget-image-box\" data-id=\"561a516\" data-element_type=\"widget\" data-e-type=\"widget\" data-widget_type=\"image-box.default\">\n\t\t\t\t<div class=\"elementor-widget-container\">\n\t\t\t\t\t<div class=\"elementor-image-box-wrapper\"><figure class=\"elementor-image-box-img\"><a href=\"https:\/\/pablovester.com\/wp-content\/uploads\/2025\/07\/revista_ascenso_aguilas_futbol_historieta_pablovester.jpg\" tabindex=\"-1\"><img decoding=\"async\" width=\"1080\" height=\"1350\" src=\"https:\/\/pablovester.com\/wp-content\/uploads\/2025\/07\/revista_ascenso_aguilas_futbol_historieta_pablovester.jpg\" class=\"attachment-full size-full wp-image-5667\" alt=\"Revista Ascenso 2004 con Maxi y Santino de Aguilas en la tapa\" \/><\/a><\/figure><div class=\"elementor-image-box-content\"><h3 class=\"elementor-image-box-title\"><a href=\"https:\/\/pablovester.com\/wp-content\/uploads\/2025\/07\/revista_ascenso_aguilas_futbol_historieta_pablovester.jpg\">Tapa de Ascenso 2004<\/a><\/h3><p class=\"elementor-image-box-description\">Revista \"Ascenso 2004\" sobre \u00c1guilas F\u00fatbol Club con Maxi y Santino en la tapa. Es de la semana previa al partido definitorio contra Deportivo Muro por el ascenso.<\/p><\/div><\/div>\t\t\t\t<\/div>\n\t\t\t\t<\/div>\n\t\t\t\t<\/div>\n\t\t<div class=\"elementor-element elementor-element-f894906 e-con-full e-flex wpr-particle-no wpr-jarallax-no wpr-parallax-no wpr-sticky-section-no wpr-equal-height-no e-con e-child\" data-id=\"f894906\" data-element_type=\"container\" data-e-type=\"container\">\n\t\t\t\t<div class=\"elementor-element elementor-element-4bf2d78 elementor-position-top elementor-widget elementor-widget-image-box\" data-id=\"4bf2d78\" data-element_type=\"widget\" data-e-type=\"widget\" data-widget_type=\"image-box.default\">\n\t\t\t\t<div class=\"elementor-widget-container\">\n\t\t\t\t\t<div class=\"elementor-image-box-wrapper\"><figure class=\"elementor-image-box-img\"><a href=\"https:\/\/pablovester.com\/wp-content\/uploads\/2025\/07\/aguilas_futbol_recorte_ole_pablovester_historieta.jpg\" tabindex=\"-1\"><img decoding=\"async\" width=\"551\" height=\"800\" src=\"https:\/\/pablovester.com\/wp-content\/uploads\/2025\/07\/aguilas_futbol_recorte_ole_pablovester_historieta.jpg\" class=\"attachment-full size-full wp-image-5650\" alt=\"Recorte de suplemento Ol\u00e9 Ascenso con an\u00e1lisis de partido contra Deportivo Muro\" \/><\/a><\/figure><div class=\"elementor-image-box-content\"><h3 class=\"elementor-image-box-title\"><a href=\"https:\/\/pablovester.com\/wp-content\/uploads\/2025\/07\/aguilas_futbol_recorte_ole_pablovester_historieta.jpg\">Recorte suplemento Ol\u00e9<\/a><\/h3><p class=\"elementor-image-box-description\">An\u00e1lisis del suplemento \"Ol\u00e9 Ascenso\", detallando el partido de ida contra Deportivo Muro y su empate 0-0. Este partido se jug\u00f3 el 12\/6\/2004.<\/p><\/div><\/div>\t\t\t\t<\/div>\n\t\t\t\t<\/div>\n\t\t\t\t<\/div>\n\t\t<div class=\"elementor-element elementor-element-d374ee6 e-con-full e-flex wpr-particle-no wpr-jarallax-no wpr-parallax-no wpr-sticky-section-no wpr-equal-height-no e-con e-child\" data-id=\"d374ee6\" data-element_type=\"container\" data-e-type=\"container\">\n\t\t\t\t<div class=\"elementor-element elementor-element-8776fa2 elementor-position-top elementor-widget elementor-widget-image-box\" data-id=\"8776fa2\" data-element_type=\"widget\" data-e-type=\"widget\" data-widget_type=\"image-box.default\">\n\t\t\t\t<div class=\"elementor-widget-container\">\n\t\t\t\t\t<div class=\"elementor-image-box-wrapper\"><figure class=\"elementor-image-box-img\"><a href=\"https:\/\/pablovester.com\/wp-content\/uploads\/2025\/07\/aguilas_futbol_pablovester_foto_historieta.jpg\" tabindex=\"-1\"><img loading=\"lazy\" decoding=\"async\" width=\"1080\" height=\"1350\" src=\"https:\/\/pablovester.com\/wp-content\/uploads\/2025\/08\/sergio_aguilas_comic_pablovester.jpg\" class=\"attachment-full size-full wp-image-6171\" alt=\"Retrato con color digital del personaje Sergio del comic Aguilas, por pablovester\" srcset=\"https:\/\/pablovester.com\/wp-content\/uploads\/2025\/08\/sergio_aguilas_comic_pablovester.jpg 1080w, https:\/\/pablovester.com\/wp-content\/uploads\/2025\/08\/sergio_aguilas_comic_pablovester-10x12.jpg 10w\" sizes=\"(max-width: 1080px) 100vw, 1080px\" \/><\/a><\/figure><div class=\"elementor-image-box-content\"><h2 class=\"elementor-image-box-title\"><a href=\"https:\/\/pablovester.com\/wp-content\/uploads\/2025\/07\/aguilas_futbol_pablovester_foto_historieta.jpg\">Sergio Da Costa<\/a><\/h2><p class=\"elementor-image-box-description\">Retrato del goleador estrella del equipo.<br> L\u00edneas en tradicional y color digital.<\/p><\/div><\/div>\t\t\t\t<\/div>\n\t\t\t\t<\/div>\n\t\t\t\t<div class=\"elementor-element elementor-element-72258b1 elementor-position-top elementor-widget elementor-widget-image-box\" data-id=\"72258b1\" data-element_type=\"widget\" data-e-type=\"widget\" data-widget_type=\"image-box.default\">\n\t\t\t\t<div class=\"elementor-widget-container\">\n\t\t\t\t\t<div class=\"elementor-image-box-wrapper\"><figure class=\"elementor-image-box-img\"><a href=\"https:\/\/pablovester.com\/wp-content\/uploads\/2025\/07\/aguilas_futbol_hinchada_pablovester_historieta.jpg\" tabindex=\"-1\"><img loading=\"lazy\" decoding=\"async\" width=\"1400\" height=\"677\" src=\"https:\/\/pablovester.com\/wp-content\/uploads\/2025\/07\/aguilas_futbol_hinchada_pablovester_historieta.jpg\" class=\"attachment-full size-full wp-image-5638\" alt=\"Hinchada de \u00c1guilas F\u00fatbol Club\" \/><\/a><\/figure><div class=\"elementor-image-box-content\"><h3 class=\"elementor-image-box-title\"><a href=\"https:\/\/pablovester.com\/wp-content\/uploads\/2025\/07\/aguilas_futbol_hinchada_pablovester_historieta.jpg\">La hinchada<\/a><\/h3><p class=\"elementor-image-box-description\">Foto de hinchada de \u00c1guilas durante un partido contra Gerli United en 2003. Esta foto se uso luego en la revista \"Ascenso 2004\".<\/p><\/div><\/div>\t\t\t\t<\/div>\n\t\t\t\t<\/div>\n\t\t\t\t<\/div>\n\t\t\t\t\t<\/div>\n\t\t\t\t<\/div>\n\t\t\t\t<\/div>","protected":false},"excerpt":{"rendered":"<p>\u00c1guilas F\u00fatbol Club \u00c1guilas es un club fundado en 1930, del conurbano bonaerense, que historicamente se ha ubicado en la Primera B Metro (la tercera categor\u00eda) del f\u00fatbol argentino. Con la llegada de un nuevo DT, el Profe Gutierrez, y la reorganizaci\u00f3n del plantel con j\u00f3venes promesas y caudillos del equipo, busca por primera vez en sus tantos a\u00f1os de historia, ascender de categor\u00eda. Santino y Maxi Una foto en viaje en el 526 hacia Monte Chingolo, un finde del 2003. Por lo que recuerdan, estaban yendo a boludear a una feria por Camino Negro. Tapa de Ascenso 2004 Revista &#8220;Ascenso 2004&#8221; sobre \u00c1guilas F\u00fatbol Club con Maxi y Santino en la tapa. Es de la semana previa al partido definitorio contra Deportivo Muro por el ascenso. Recorte suplemento Ol\u00e9 An\u00e1lisis del suplemento &#8220;Ol\u00e9 Ascenso&#8221;, detallando el partido de ida contra Deportivo Muro y su empate 0-0. Este partido se jug\u00f3 el 12\/6\/2004. Sergio Da Costa Retrato del goleador estrella del equipo. L\u00edneas en tradicional y color digital. La hinchada Foto de hinchada de \u00c1guilas durante un partido contra Gerli United en 2003. Esta foto se uso luego en la revista &#8220;Ascenso 2004&#8221;.<\/p>","protected":false},"author":1,"featured_media":0,"parent":6022,"menu_order":0,"comment_status":"closed","ping_status":"closed","template":"elementor_header_footer","meta":{"footnotes":""},"class_list":["post-5610","page","type-page","status-publish","hentry"],"_links":{"self":[{"href":"https:\/\/pablovester.com\/en\/wp-json\/wp\/v2\/pages\/5610","targetHints":{"allow":["GET"]}}],"collection":[{"href":"https:\/\/pablovester.com\/en\/wp-json\/wp\/v2\/pages"}],"about":[{"href":"https:\/\/pablovester.com\/en\/wp-json\/wp\/v2\/types\/page"}],"author":[{"embeddable":true,"href":"https:\/\/pablovester.com\/en\/wp-json\/wp\/v2\/users\/1"}],"replies":[{"embeddable":true,"href":"https:\/\/pablovester.com\/en\/wp-json\/wp\/v2\/comments?post=5610"}],"version-history":[{"count":73,"href":"https:\/\/pablovester.com\/en\/wp-json\/wp\/v2\/pages\/5610\/revisions"}],"predecessor-version":[{"id":6174,"href":"https:\/\/pablovester.com\/en\/wp-json\/wp\/v2\/pages\/5610\/revisions\/6174"}],"up":[{"embeddable":true,"href":"https:\/\/pablovester.com\/en\/wp-json\/wp\/v2\/pages\/6022"}],"wp:attachment":[{"href":"https:\/\/pablovester.com\/en\/wp-json\/wp\/v2\/media?parent=5610"}],"curies":[{"name":"wp","href":"https:\/\/api.w.org\/{rel}","templated":true}]}}