{"id":4692,"date":"2025-03-25T19:08:31","date_gmt":"2025-03-25T19:08:31","guid":{"rendered":"https:\/\/pablovester.com\/?page_id=4692"},"modified":"2025-04-23T19:16:39","modified_gmt":"2025-04-23T19:16:39","slug":"proximos-eventos","status":"publish","type":"page","link":"https:\/\/pablovester.com\/en\/proximos-eventos\/","title":{"rendered":"Pr\u00f3ximos Eventos"},"content":{"rendered":"<div data-elementor-type=\"wp-page\" data-elementor-id=\"4692\" class=\"elementor elementor-4692\">\n\t\t\t\t<div class=\"elementor-element elementor-element-23b59e4 e-con-full elementor-hidden-desktop elementor-hidden-tablet elementor-hidden-mobile e-flex wpr-particle-no wpr-jarallax-no wpr-parallax-no wpr-sticky-section-no wpr-equal-height-no e-con e-parent\" data-id=\"23b59e4\" data-element_type=\"container\" data-e-type=\"container\">\n\t\t<div class=\"elementor-element elementor-element-beabf1a e-con-full e-flex wpr-particle-no wpr-jarallax-no wpr-parallax-no wpr-sticky-section-no wpr-equal-height-no e-con e-child\" data-id=\"beabf1a\" data-element_type=\"container\" data-e-type=\"container\">\n\t\t\t\t<div class=\"elementor-element elementor-element-73203a2 elementor-view-default elementor-widget elementor-widget-icon\" data-id=\"73203a2\" data-element_type=\"widget\" data-e-type=\"widget\" data-widget_type=\"icon.default\">\n\t\t\t\t<div class=\"elementor-widget-container\">\n\t\t\t\t\t\t\t<div class=\"elementor-icon-wrapper\">\n\t\t\t<div class=\"elementor-icon\">\n\t\t\t<i aria-hidden=\"true\" class=\"far fa-calendar-alt\"><\/i>\t\t\t<\/div>\n\t\t<\/div>\n\t\t\t\t\t\t<\/div>\n\t\t\t\t<\/div>\n\t\t\t\t<div class=\"elementor-element elementor-element-ecacde4 elementor-widget elementor-widget-heading\" data-id=\"ecacde4\" data-element_type=\"widget\" data-e-type=\"widget\" data-widget_type=\"heading.default\">\n\t\t\t\t<div class=\"elementor-widget-container\">\n\t\t\t\t\t<h2 class=\"elementor-heading-title elementor-size-default\">FERIA PEGAJOSA<\/h2>\t\t\t\t<\/div>\n\t\t\t\t<\/div>\n\t\t\t\t<div class=\"elementor-element elementor-element-8b17142 elementor-widget elementor-widget-text-editor\" data-id=\"8b17142\" data-element_type=\"widget\" data-e-type=\"widget\" data-widget_type=\"text-editor.default\">\n\t\t\t\t<div class=\"elementor-widget-container\">\n\t\t\t\t\t\t\t\t\t<p>FECHA: Domingo 13 de Abril<\/p><p>HORA: 14hs a 20hs<\/p><p>LUGAR: La Cortada, Ramos Mej\u00eda<\/p>\t\t\t\t\t\t\t\t<\/div>\n\t\t\t\t<\/div>\n\t\t\t\t<div class=\"elementor-element elementor-element-337ef2a elementor-widget elementor-widget-button\" data-id=\"337ef2a\" data-element_type=\"widget\" data-e-type=\"widget\" data-widget_type=\"button.default\">\n\t\t\t\t<div class=\"elementor-widget-container\">\n\t\t\t\t\t\t\t\t\t<div class=\"elementor-button-wrapper\">\n\t\t\t\t\t<a class=\"elementor-button elementor-button-link elementor-size-sm\" href=\"https:\/\/www.instagram.com\/feria.pegajosa\/?hl=en\" target=\"_blank\" rel=\"noopener\">\n\t\t\t\t\t\t<span class=\"elementor-button-content-wrapper\">\n\t\t\t\t\t\t\t\t\t<span class=\"elementor-button-text\">m\u00e1s info<\/span>\n\t\t\t\t\t<\/span>\n\t\t\t\t\t<\/a>\n\t\t\t\t<\/div>\n\t\t\t\t\t\t\t\t<\/div>\n\t\t\t\t<\/div>\n\t\t\t\t<\/div>\n\t\t<div class=\"elementor-element elementor-element-984dbe4 e-con-full e-flex wpr-particle-no wpr-jarallax-no wpr-parallax-no wpr-sticky-section-no wpr-equal-height-no e-con e-child\" data-id=\"984dbe4\" data-element_type=\"container\" data-e-type=\"container\">\n\t\t\t\t<div class=\"elementor-element elementor-element-cd3cb4c elementor-widget elementor-widget-google_maps\" data-id=\"cd3cb4c\" data-element_type=\"widget\" data-e-type=\"widget\" data-widget_type=\"google_maps.default\">\n\t\t\t\t<div class=\"elementor-widget-container\">\n\t\t\t\t\t\t\t<div class=\"elementor-custom-embed\">\n\t\t\t<iframe loading=\"lazy\"\n\t\t\t\t\tsrc=\"https:\/\/maps.google.com\/maps?q=la%20cortada%2C%20ramos%20mej%C3%ADa&#038;t=m&#038;z=14&#038;output=embed&#038;iwloc=near\"\n\t\t\t\t\ttitle=\"la cortada, ramos mej\u00eda\"\n\t\t\t\t\taria-label=\"la cortada, ramos mej\u00eda\"\n\t\t\t><\/iframe>\n\t\t<\/div>\n\t\t\t\t\t\t<\/div>\n\t\t\t\t<\/div>\n\t\t\t\t<\/div>\n\t\t\t\t<\/div>\n\t\t<div class=\"elementor-element elementor-element-a4fd5b9 e-con-full e-flex wpr-particle-no wpr-jarallax-no wpr-parallax-no wpr-sticky-section-no wpr-equal-height-no e-con e-parent\" data-id=\"a4fd5b9\" data-element_type=\"container\" data-e-type=\"container\">\n\t\t\t\t<div class=\"elementor-element elementor-element-a36d6e3 elementor-widget-mobile__width-inherit elementor-widget elementor-widget-heading\" data-id=\"a36d6e3\" data-element_type=\"widget\" data-e-type=\"widget\" data-widget_type=\"heading.default\">\n\t\t\t\t<div class=\"elementor-widget-container\">\n\t\t\t\t\t<h3 class=\"elementor-heading-title elementor-size-default\">No upcoming events<\/h3>\t\t\t\t<\/div>\n\t\t\t\t<\/div>\n\t\t\t\t<div class=\"elementor-element elementor-element-9e99d6e elementor-widget elementor-widget-text-editor\" data-id=\"9e99d6e\" data-element_type=\"widget\" data-e-type=\"widget\" data-widget_type=\"text-editor.default\">\n\t\t\t\t<div class=\"elementor-widget-container\">\n\t\t\t\t\t\t\t\t\t<p>Subscribe to my newsletter to find out about my future appearances.<\/p>\t\t\t\t\t\t\t\t<\/div>\n\t\t\t\t<\/div>\n\t\t\t\t<\/div>\n\t\t\t\t<\/div>","protected":false},"excerpt":{"rendered":"<p>FERIA PEGAJOSA FECHA: Domingo 13 de Abril HORA: 14hs a 20hs LUGAR: La Cortada, Ramos Mej\u00eda m\u00e1s info Sin eventos pr\u00f3ximos Suscribite a mi newsletter para enterarte en qu\u00e9 eventos podes encontrarme.<\/p>","protected":false},"author":1,"featured_media":0,"parent":0,"menu_order":0,"comment_status":"closed","ping_status":"closed","template":"elementor_canvas","meta":{"footnotes":""},"class_list":["post-4692","page","type-page","status-publish","hentry"],"_links":{"self":[{"href":"https:\/\/pablovester.com\/en\/wp-json\/wp\/v2\/pages\/4692","targetHints":{"allow":["GET"]}}],"collection":[{"href":"https:\/\/pablovester.com\/en\/wp-json\/wp\/v2\/pages"}],"about":[{"href":"https:\/\/pablovester.com\/en\/wp-json\/wp\/v2\/types\/page"}],"author":[{"embeddable":true,"href":"https:\/\/pablovester.com\/en\/wp-json\/wp\/v2\/users\/1"}],"replies":[{"embeddable":true,"href":"https:\/\/pablovester.com\/en\/wp-json\/wp\/v2\/comments?post=4692"}],"version-history":[{"count":32,"href":"https:\/\/pablovester.com\/en\/wp-json\/wp\/v2\/pages\/4692\/revisions"}],"predecessor-version":[{"id":5146,"href":"https:\/\/pablovester.com\/en\/wp-json\/wp\/v2\/pages\/4692\/revisions\/5146"}],"wp:attachment":[{"href":"https:\/\/pablovester.com\/en\/wp-json\/wp\/v2\/media?parent=4692"}],"curies":[{"name":"wp","href":"https:\/\/api.w.org\/{rel}","templated":true}]}}